{"id":292,"date":"2022-10-04T06:04:24","date_gmt":"2022-10-04T06:04:24","guid":{"rendered":"https:\/\/hungry-tereshkova.178-20-101-54.plesk.page\/?page_id=292"},"modified":"2022-10-13T09:42:12","modified_gmt":"2022-10-13T09:42:12","slug":"hofer","status":"publish","type":"page","link":"https:\/\/apartment-innsbruck.tirol\/en\/apartments\/hofer\/","title":{"rendered":"Hofer"},"content":{"rendered":"\t\t<div data-elementor-type=\"wp-post\" data-elementor-id=\"292\" class=\"elementor elementor-292\">\n\t\t\t\t\t\t<section class=\"elementor-section elementor-top-section elementor-element elementor-element-18a5afa elementor-section-height-full elementor-section-boxed elementor-section-height-default elementor-section-items-middle\" data-id=\"18a5afa\" data-element_type=\"section\" data-e-type=\"section\" data-settings=\"{&quot;background_background&quot;:&quot;slideshow&quot;,&quot;background_slideshow_gallery&quot;:[{&quot;id&quot;:230,&quot;url&quot;:&quot;https:\\\/\\\/apartment-innsbruck.tirol\\\/wp-content\\\/uploads\\\/2022\\\/10\\\/Andreas-Hofer-Strasse_Innsbruck_Winter.jpg&quot;}],&quot;background_slideshow_loop&quot;:&quot;yes&quot;,&quot;background_slideshow_slide_duration&quot;:5000,&quot;background_slideshow_slide_transition&quot;:&quot;fade&quot;,&quot;background_slideshow_transition_duration&quot;:500}\">\n\t\t\t\t\t\t<div class=\"elementor-container elementor-column-gap-default\">\n\t\t\t\t\t<div class=\"elementor-column elementor-col-100 elementor-top-column elementor-element elementor-element-bcd9ac5\" data-id=\"bcd9ac5\" data-element_type=\"column\" data-e-type=\"column\">\n\t\t\t<div class=\"elementor-widget-wrap elementor-element-populated\">\n\t\t\t\t\t\t<div class=\"elementor-element elementor-element-4d8b18f elementor-widget elementor-widget-spacer\" data-id=\"4d8b18f\" data-element_type=\"widget\" data-e-type=\"widget\" data-widget_type=\"spacer.default\">\n\t\t\t\t<div class=\"elementor-widget-container\">\n\t\t\t\t\t\t\t<div class=\"elementor-spacer\">\n\t\t\t<div class=\"elementor-spacer-inner\"><\/div>\n\t\t<\/div>\n\t\t\t\t\t\t<\/div>\n\t\t\t\t<\/div>\n\t\t\t\t<div class=\"elementor-element elementor-element-1593df6 elementor-widget elementor-widget-heading\" data-id=\"1593df6\" data-element_type=\"widget\" data-e-type=\"widget\" data-widget_type=\"heading.default\">\n\t\t\t\t<div class=\"elementor-widget-container\">\n\t\t\t\t\t<h1 class=\"elementor-heading-title elementor-size-xl\">Apartment Hofer<\/h1>\t\t\t\t<\/div>\n\t\t\t\t<\/div>\n\t\t\t\t<div class=\"elementor-element elementor-element-6e3b3f8 elementor-icon-list--layout-inline elementor-align-center elementor-list-item-link-full_width elementor-invisible elementor-widget elementor-widget-icon-list\" data-id=\"6e3b3f8\" data-element_type=\"widget\" data-e-type=\"widget\" data-settings=\"{&quot;_animation&quot;:&quot;fadeInUp&quot;,&quot;_animation_delay&quot;:200}\" data-widget_type=\"icon-list.default\">\n\t\t\t\t<div class=\"elementor-widget-container\">\n\t\t\t\t\t\t\t<ul class=\"elementor-icon-list-items elementor-inline-items\">\n\t\t\t\t\t\t\t<li class=\"elementor-icon-list-item elementor-inline-item\">\n\t\t\t\t\t\t\t\t\t\t<span class=\"elementor-icon-list-text\">2 Apartments<\/span>\n\t\t\t\t\t\t\t\t\t<\/li>\n\t\t\t\t\t\t\t\t<li class=\"elementor-icon-list-item elementor-inline-item\">\n\t\t\t\t\t\t\t\t\t\t\t<span class=\"elementor-icon-list-icon\">\n\t\t\t\t\t\t\t<i aria-hidden=\"true\" class=\"fas fa-circle\"><\/i>\t\t\t\t\t\t<\/span>\n\t\t\t\t\t\t\t\t\t\t<span class=\"elementor-icon-list-text\">1 Stadt<\/span>\n\t\t\t\t\t\t\t\t\t<\/li>\n\t\t\t\t\t\t<\/ul>\n\t\t\t\t\t\t<\/div>\n\t\t\t\t<\/div>\n\t\t\t\t<div class=\"elementor-element elementor-element-017924f elementor-widget elementor-widget-spacer\" data-id=\"017924f\" data-element_type=\"widget\" data-e-type=\"widget\" data-widget_type=\"spacer.default\">\n\t\t\t\t<div class=\"elementor-widget-container\">\n\t\t\t\t\t\t\t<div class=\"elementor-spacer\">\n\t\t\t<div class=\"elementor-spacer-inner\"><\/div>\n\t\t<\/div>\n\t\t\t\t\t\t<\/div>\n\t\t\t\t<\/div>\n\t\t\t\t\t<\/div>\n\t\t<\/div>\n\t\t\t\t\t<\/div>\n\t\t<\/section>\n\t\t\t\t<section class=\"elementor-section elementor-top-section elementor-element elementor-element-4abff9c elementor-reverse-mobile elementor-section-height-min-height elementor-section-boxed elementor-section-height-default elementor-section-items-middle\" data-id=\"4abff9c\" data-element_type=\"section\" data-e-type=\"section\">\n\t\t\t\t\t\t<div class=\"elementor-container elementor-column-gap-default\">\n\t\t\t\t\t<div class=\"elementor-column elementor-col-100 elementor-top-column elementor-element elementor-element-7c512e2\" data-id=\"7c512e2\" data-element_type=\"column\" data-e-type=\"column\">\n\t\t\t<div class=\"elementor-widget-wrap elementor-element-populated\">\n\t\t\t\t\t\t<section class=\"elementor-section elementor-inner-section elementor-element elementor-element-b69fb61 elementor-section-boxed elementor-section-height-default elementor-section-height-default\" data-id=\"b69fb61\" data-element_type=\"section\" data-e-type=\"section\">\n\t\t\t\t\t\t<div class=\"elementor-container elementor-column-gap-default\">\n\t\t\t\t\t<div class=\"elementor-column elementor-col-50 elementor-inner-column elementor-element elementor-element-1a1c791\" data-id=\"1a1c791\" data-element_type=\"column\" data-e-type=\"column\">\n\t\t\t<div class=\"elementor-widget-wrap elementor-element-populated\">\n\t\t\t\t\t\t<div class=\"elementor-element elementor-element-b47aa50 elementor-invisible elementor-widget elementor-widget-text-editor\" data-id=\"b47aa50\" data-element_type=\"widget\" data-e-type=\"widget\" data-settings=\"{&quot;_animation&quot;:&quot;fadeInUp&quot;}\" data-widget_type=\"text-editor.default\">\n\t\t\t\t<div class=\"elementor-widget-container\">\n\t\t\t\t\t\t\t\t\t<p>Apartment Hofer<\/p>\t\t\t\t\t\t\t\t<\/div>\n\t\t\t\t<\/div>\n\t\t\t\t<div class=\"elementor-element elementor-element-a120225 elementor-invisible elementor-widget elementor-widget-text-editor\" data-id=\"a120225\" data-element_type=\"widget\" data-e-type=\"widget\" data-settings=\"{&quot;_animation&quot;:&quot;fadeInUp&quot;,&quot;_animation_delay&quot;:400}\" data-widget_type=\"text-editor.default\">\n\t\t\t\t<div class=\"elementor-widget-container\">\n\t\t\t\t\t\t\t\t\t<p>Klein aber fein. Umgeben von den Tiroler Alpen, in der Stadt Innsbruck befindet sich unser <strong>Apartment Hofer<\/strong>.\u00a0 Der Charme des Jahrhundertwendehauses ging durch die Renovierung nicht verloren. Es wurden ausschlie\u00dflich exklusive Materialien verwendet, um ein wohnliches Ambiente zu schaffen. Genie\u00dfen Sie Ihren Aufenthalt in Innsbruck ganz privat, flexibel und eigenst\u00e4ndig.<\/p>\t\t\t\t\t\t\t\t<\/div>\n\t\t\t\t<\/div>\n\t\t\t\t<div class=\"elementor-element elementor-element-a431267 elementor-align-left elementor-mobile-align-center elementor-invisible elementor-widget elementor-widget-button\" data-id=\"a431267\" data-element_type=\"widget\" data-e-type=\"widget\" data-settings=\"{&quot;_animation&quot;:&quot;fadeInUp&quot;,&quot;_animation_delay&quot;:900}\" data-widget_type=\"button.default\">\n\t\t\t\t<div class=\"elementor-widget-container\">\n\t\t\t\t\t\t\t\t\t<div class=\"elementor-button-wrapper\">\n\t\t\t\t\t<a class=\"elementor-button elementor-button-link elementor-size-sm\" href=\"https:\/\/apartment-innsbruck.tirol\/buchenanfragen\/\">\n\t\t\t\t\t\t<span class=\"elementor-button-content-wrapper\">\n\t\t\t\t\t\t\t\t\t<span class=\"elementor-button-text\">JETZT BUCHEN!<\/span>\n\t\t\t\t\t<\/span>\n\t\t\t\t\t<\/a>\n\t\t\t\t<\/div>\n\t\t\t\t\t\t\t\t<\/div>\n\t\t\t\t<\/div>\n\t\t\t\t\t<\/div>\n\t\t<\/div>\n\t\t\t\t<div class=\"elementor-column elementor-col-50 elementor-inner-column elementor-element elementor-element-11e44e1\" data-id=\"11e44e1\" data-element_type=\"column\" data-e-type=\"column\">\n\t\t\t<div class=\"elementor-widget-wrap elementor-element-populated\">\n\t\t\t\t\t\t<div class=\"elementor-element elementor-element-1b0a68c elementor-widget elementor-widget-image\" data-id=\"1b0a68c\" data-element_type=\"widget\" data-e-type=\"widget\" data-widget_type=\"image.default\">\n\t\t\t\t<div class=\"elementor-widget-container\">\n\t\t\t\t\t\t\t\t\t\t\t\t\t\t\t<img fetchpriority=\"high\" decoding=\"async\" width=\"800\" height=\"450\" src=\"https:\/\/apartment-innsbruck.tirol\/wp-content\/uploads\/2022\/10\/Andreas-Hofer-Strasse_Top8_Schlafzimmer-1-1024x576.jpg\" class=\"attachment-large size-large wp-image-1127\" alt=\"\" srcset=\"https:\/\/apartment-innsbruck.tirol\/wp-content\/uploads\/2022\/10\/Andreas-Hofer-Strasse_Top8_Schlafzimmer-1-1024x576.jpg 1024w, https:\/\/apartment-innsbruck.tirol\/wp-content\/uploads\/2022\/10\/Andreas-Hofer-Strasse_Top8_Schlafzimmer-1-300x169.jpg 300w, https:\/\/apartment-innsbruck.tirol\/wp-content\/uploads\/2022\/10\/Andreas-Hofer-Strasse_Top8_Schlafzimmer-1-768x432.jpg 768w, https:\/\/apartment-innsbruck.tirol\/wp-content\/uploads\/2022\/10\/Andreas-Hofer-Strasse_Top8_Schlafzimmer-1.jpg 1366w\" sizes=\"(max-width: 800px) 100vw, 800px\" \/>\t\t\t\t\t\t\t\t\t\t\t\t\t\t\t<\/div>\n\t\t\t\t<\/div>\n\t\t\t\t\t<\/div>\n\t\t<\/div>\n\t\t\t\t\t<\/div>\n\t\t<\/section>\n\t\t\t\t\t<\/div>\n\t\t<\/div>\n\t\t\t\t\t<\/div>\n\t\t<\/section>\n\t\t\t\t<section class=\"elementor-section elementor-top-section elementor-element elementor-element-8294dd1 elementor-reverse-mobile elementor-section-boxed elementor-section-height-default elementor-section-height-default\" data-id=\"8294dd1\" data-element_type=\"section\" data-e-type=\"section\" data-settings=\"{&quot;background_background&quot;:&quot;classic&quot;}\">\n\t\t\t\t\t\t<div class=\"elementor-container elementor-column-gap-default\">\n\t\t\t\t\t<div class=\"elementor-column elementor-col-50 elementor-top-column elementor-element elementor-element-2a7577e elementor-invisible\" data-id=\"2a7577e\" data-element_type=\"column\" data-e-type=\"column\" data-settings=\"{&quot;background_background&quot;:&quot;classic&quot;,&quot;animation&quot;:&quot;fadeIn&quot;}\">\n\t\t\t<div class=\"elementor-widget-wrap elementor-element-populated\">\n\t\t\t\t\t\t<div class=\"elementor-element elementor-element-507549f elementor-invisible elementor-widget elementor-widget-image\" data-id=\"507549f\" data-element_type=\"widget\" data-e-type=\"widget\" data-settings=\"{&quot;_animation&quot;:&quot;fadeInUp&quot;,&quot;_animation_delay&quot;:200}\" data-widget_type=\"image.default\">\n\t\t\t\t<div class=\"elementor-widget-container\">\n\t\t\t\t\t\t\t\t\t\t\t\t\t\t\t<img decoding=\"async\" width=\"800\" height=\"450\" src=\"https:\/\/apartment-innsbruck.tirol\/wp-content\/uploads\/2022\/10\/Andreas-Hofer-Strasse_Top8_Kueche-1-1024x576.jpg\" class=\"attachment-large size-large wp-image-1126\" alt=\"\" srcset=\"https:\/\/apartment-innsbruck.tirol\/wp-content\/uploads\/2022\/10\/Andreas-Hofer-Strasse_Top8_Kueche-1-1024x576.jpg 1024w, https:\/\/apartment-innsbruck.tirol\/wp-content\/uploads\/2022\/10\/Andreas-Hofer-Strasse_Top8_Kueche-1-300x169.jpg 300w, https:\/\/apartment-innsbruck.tirol\/wp-content\/uploads\/2022\/10\/Andreas-Hofer-Strasse_Top8_Kueche-1-768x432.jpg 768w, https:\/\/apartment-innsbruck.tirol\/wp-content\/uploads\/2022\/10\/Andreas-Hofer-Strasse_Top8_Kueche-1.jpg 1366w\" sizes=\"(max-width: 800px) 100vw, 800px\" \/>\t\t\t\t\t\t\t\t\t\t\t\t\t\t\t<\/div>\n\t\t\t\t<\/div>\n\t\t\t\t<div class=\"elementor-element elementor-element-4688587 elementor-invisible elementor-widget elementor-widget-image\" data-id=\"4688587\" data-element_type=\"widget\" data-e-type=\"widget\" data-settings=\"{&quot;_animation&quot;:&quot;fadeInUp&quot;,&quot;_animation_delay&quot;:400}\" data-widget_type=\"image.default\">\n\t\t\t\t<div class=\"elementor-widget-container\">\n\t\t\t\t\t\t\t\t\t\t\t\t\t\t\t<img decoding=\"async\" width=\"1366\" height=\"768\" src=\"https:\/\/apartment-innsbruck.tirol\/wp-content\/uploads\/2022\/10\/Andreas-Hofer-Strasse_Top8_Schlafzimmer01-1.jpg\" class=\"attachment-full size-full wp-image-1128\" alt=\"\" srcset=\"https:\/\/apartment-innsbruck.tirol\/wp-content\/uploads\/2022\/10\/Andreas-Hofer-Strasse_Top8_Schlafzimmer01-1.jpg 1366w, https:\/\/apartment-innsbruck.tirol\/wp-content\/uploads\/2022\/10\/Andreas-Hofer-Strasse_Top8_Schlafzimmer01-1-300x169.jpg 300w, https:\/\/apartment-innsbruck.tirol\/wp-content\/uploads\/2022\/10\/Andreas-Hofer-Strasse_Top8_Schlafzimmer01-1-1024x576.jpg 1024w, https:\/\/apartment-innsbruck.tirol\/wp-content\/uploads\/2022\/10\/Andreas-Hofer-Strasse_Top8_Schlafzimmer01-1-768x432.jpg 768w\" sizes=\"(max-width: 1366px) 100vw, 1366px\" \/>\t\t\t\t\t\t\t\t\t\t\t\t\t\t\t<\/div>\n\t\t\t\t<\/div>\n\t\t\t\t\t<\/div>\n\t\t<\/div>\n\t\t\t\t<div class=\"elementor-column elementor-col-50 elementor-top-column elementor-element elementor-element-0654042\" data-id=\"0654042\" data-element_type=\"column\" data-e-type=\"column\">\n\t\t\t<div class=\"elementor-widget-wrap elementor-element-populated\">\n\t\t\t\t\t\t<div class=\"elementor-element elementor-element-3ae274f elementor-invisible elementor-widget elementor-widget-text-editor\" data-id=\"3ae274f\" data-element_type=\"widget\" data-e-type=\"widget\" data-settings=\"{&quot;_animation&quot;:&quot;fadeInUp&quot;}\" data-widget_type=\"text-editor.default\">\n\t\t\t\t<div class=\"elementor-widget-container\">\n\t\t\t\t\t\t\t\t\t<p>Die Ausstattung<\/p>\t\t\t\t\t\t\t\t<\/div>\n\t\t\t\t<\/div>\n\t\t\t\t<div class=\"elementor-element elementor-element-2577d63 elementor-invisible elementor-widget elementor-widget-text-editor\" data-id=\"2577d63\" data-element_type=\"widget\" data-e-type=\"widget\" data-settings=\"{&quot;_animation&quot;:&quot;fadeInUp&quot;,&quot;_animation_delay&quot;:400}\" data-widget_type=\"text-editor.default\">\n\t\t\t\t<div class=\"elementor-widget-container\">\n\t\t\t\t\t\t\t\t\t<p>Dieses charmante, neue Apartment mit Balkon liegt in einem charakteristisch historischen Stadthaus <strong>im Herzen Innsbrucks<\/strong>. Das Apartment bietet 2 ger\u00e4umige Schlafzimmer mit Kingsize-Doppelbetten und einem Doppel-Schlafsofa, sodass, je nach Bedarf\u00a0<strong>bis zu 4 max. 6 Personen<\/strong> im Apartment n\u00e4chtigen k\u00f6nnen.<\/p><p>\u00a0<\/p><p><span style=\"color: var( --e-global-color-text ); font-family: var( --e-global-typography-text-font-family ), Sans-serif; font-size: var( --e-global-typography-text-font-size ); font-weight: var( --e-global-typography-text-font-weight );\">Durch die<strong> ideale Lage<\/strong> und die hochwertige Ausstattung bietet das Apartment hervorragenden Komfort f\u00fcr Ihren unbek\u00fcmmerten Aufenthalt. In der voll ausgestatteten K\u00fcche finden Sie alles, was Ihr Herz begehrt und es bleibt Ihnen \u00fcberlassen, ob es eine Tiefk\u00fchlpizza oder ein 5 G\u00e4nge Men\u00fc zum Abendessen gibt. Auch unser WLAN steht Ihnen selbstverst\u00e4ndlich kostenlos zur Verf\u00fcgung. <\/span><\/p><p>\u00a0<\/p><p><strong style=\"color: var( --e-global-color-text ); font-family: var( --e-global-typography-text-font-family ), Sans-serif; font-size: var( --e-global-typography-text-font-size );\">Bitte beachten Sie:<\/strong><span style=\"color: var( --e-global-color-text ); font-family: var( --e-global-typography-text-font-family ), Sans-serif; font-size: var( --e-global-typography-text-font-size ); font-weight: var( --e-global-typography-text-font-weight );\"> Das Apartment befindet sich im 1.Obergescho\u00df und das Geb\u00e4ude verf\u00fcgt \u00fcber keinen Aufzug.<\/span><\/p>\t\t\t\t\t\t\t\t<\/div>\n\t\t\t\t<\/div>\n\t\t\t\t\t<\/div>\n\t\t<\/div>\n\t\t\t\t\t<\/div>\n\t\t<\/section>\n\t\t\t\t<section class=\"elementor-section elementor-top-section elementor-element elementor-element-0f8422b elementor-section-boxed elementor-section-height-default elementor-section-height-default\" data-id=\"0f8422b\" data-element_type=\"section\" data-e-type=\"section\">\n\t\t\t\t\t\t<div class=\"elementor-container elementor-column-gap-default\">\n\t\t\t\t\t<div class=\"elementor-column elementor-col-100 elementor-top-column elementor-element elementor-element-bb91088\" data-id=\"bb91088\" data-element_type=\"column\" data-e-type=\"column\">\n\t\t\t<div class=\"elementor-widget-wrap elementor-element-populated\">\n\t\t\t\t\t\t<div class=\"elementor-element elementor-element-062b736 elementor-invisible elementor-widget elementor-widget-text-editor\" data-id=\"062b736\" data-element_type=\"widget\" data-e-type=\"widget\" data-settings=\"{&quot;_animation&quot;:&quot;fadeInUp&quot;}\" data-widget_type=\"text-editor.default\">\n\t\t\t\t<div class=\"elementor-widget-container\">\n\t\t\t\t\t\t\t\t\t<p>EINBLICKE<\/p>\t\t\t\t\t\t\t\t<\/div>\n\t\t\t\t<\/div>\n\t\t\t\t<div class=\"elementor-element elementor-element-5cee61c elementor-invisible elementor-widget elementor-widget-heading\" data-id=\"5cee61c\" data-element_type=\"widget\" data-e-type=\"widget\" data-settings=\"{&quot;_animation&quot;:&quot;fadeInUp&quot;,&quot;_animation_delay&quot;:200}\" data-widget_type=\"heading.default\">\n\t\t\t\t<div class=\"elementor-widget-container\">\n\t\t\t\t\t<h2 class=\"elementor-heading-title elementor-size-default\">Apartment Hofer<\/h2>\t\t\t\t<\/div>\n\t\t\t\t<\/div>\n\t\t\t\t<section class=\"elementor-section elementor-inner-section elementor-element elementor-element-15d0635 elementor-section-boxed elementor-section-height-default elementor-section-height-default\" data-id=\"15d0635\" data-element_type=\"section\" data-e-type=\"section\">\n\t\t\t\t\t\t<div class=\"elementor-container elementor-column-gap-default\">\n\t\t\t\t\t<div class=\"elementor-column elementor-col-33 elementor-inner-column elementor-element elementor-element-4cec1a6 elementor-invisible\" data-id=\"4cec1a6\" data-element_type=\"column\" data-e-type=\"column\" data-settings=\"{&quot;animation&quot;:&quot;fadeIn&quot;,&quot;animation_delay&quot;:400}\">\n\t\t\t<div class=\"elementor-widget-wrap elementor-element-populated\">\n\t\t\t\t\t\t<div class=\"elementor-element elementor-element-e3b9df7 elementor-widget elementor-widget-image\" data-id=\"e3b9df7\" data-element_type=\"widget\" data-e-type=\"widget\" data-widget_type=\"image.default\">\n\t\t\t\t<div class=\"elementor-widget-container\">\n\t\t\t\t\t\t\t\t\t\t\t\t\t\t\t<img loading=\"lazy\" decoding=\"async\" width=\"800\" height=\"450\" src=\"https:\/\/apartment-innsbruck.tirol\/wp-content\/uploads\/2022\/10\/Andreas-Hofer-Strasse_Top8_Kueche-1-1024x576.jpg\" class=\"elementor-animation-grow attachment-large size-large wp-image-1126\" alt=\"\" srcset=\"https:\/\/apartment-innsbruck.tirol\/wp-content\/uploads\/2022\/10\/Andreas-Hofer-Strasse_Top8_Kueche-1-1024x576.jpg 1024w, https:\/\/apartment-innsbruck.tirol\/wp-content\/uploads\/2022\/10\/Andreas-Hofer-Strasse_Top8_Kueche-1-300x169.jpg 300w, https:\/\/apartment-innsbruck.tirol\/wp-content\/uploads\/2022\/10\/Andreas-Hofer-Strasse_Top8_Kueche-1-768x432.jpg 768w, https:\/\/apartment-innsbruck.tirol\/wp-content\/uploads\/2022\/10\/Andreas-Hofer-Strasse_Top8_Kueche-1.jpg 1366w\" sizes=\"(max-width: 800px) 100vw, 800px\" \/>\t\t\t\t\t\t\t\t\t\t\t\t\t\t\t<\/div>\n\t\t\t\t<\/div>\n\t\t\t\t<div class=\"elementor-element elementor-element-11915fc elementor-widget elementor-widget-image\" data-id=\"11915fc\" data-element_type=\"widget\" data-e-type=\"widget\" data-widget_type=\"image.default\">\n\t\t\t\t<div class=\"elementor-widget-container\">\n\t\t\t\t\t\t\t\t\t\t\t\t\t\t\t<img loading=\"lazy\" decoding=\"async\" width=\"800\" height=\"450\" src=\"https:\/\/apartment-innsbruck.tirol\/wp-content\/uploads\/2022\/10\/Andreas-Hofer-Strasse_Top8_Schlafzimmer01-1-1024x576.jpg\" class=\"elementor-animation-grow attachment-large size-large wp-image-1128\" alt=\"\" srcset=\"https:\/\/apartment-innsbruck.tirol\/wp-content\/uploads\/2022\/10\/Andreas-Hofer-Strasse_Top8_Schlafzimmer01-1-1024x576.jpg 1024w, https:\/\/apartment-innsbruck.tirol\/wp-content\/uploads\/2022\/10\/Andreas-Hofer-Strasse_Top8_Schlafzimmer01-1-300x169.jpg 300w, https:\/\/apartment-innsbruck.tirol\/wp-content\/uploads\/2022\/10\/Andreas-Hofer-Strasse_Top8_Schlafzimmer01-1-768x432.jpg 768w, https:\/\/apartment-innsbruck.tirol\/wp-content\/uploads\/2022\/10\/Andreas-Hofer-Strasse_Top8_Schlafzimmer01-1.jpg 1366w\" sizes=\"(max-width: 800px) 100vw, 800px\" \/>\t\t\t\t\t\t\t\t\t\t\t\t\t\t\t<\/div>\n\t\t\t\t<\/div>\n\t\t\t\t<div class=\"elementor-element elementor-element-d094488 elementor-widget elementor-widget-image\" data-id=\"d094488\" data-element_type=\"widget\" data-e-type=\"widget\" data-widget_type=\"image.default\">\n\t\t\t\t<div class=\"elementor-widget-container\">\n\t\t\t\t\t\t\t\t\t\t\t\t\t\t\t<img loading=\"lazy\" decoding=\"async\" width=\"576\" height=\"1024\" src=\"https:\/\/apartment-innsbruck.tirol\/wp-content\/uploads\/2022\/10\/Andreas-Hofer-Strasse_Top8_Detail0z3-576x1024.jpg\" class=\"elementor-animation-grow attachment-large size-large wp-image-260\" alt=\"\" srcset=\"https:\/\/apartment-innsbruck.tirol\/wp-content\/uploads\/2022\/10\/Andreas-Hofer-Strasse_Top8_Detail0z3-576x1024.jpg 576w, https:\/\/apartment-innsbruck.tirol\/wp-content\/uploads\/2022\/10\/Andreas-Hofer-Strasse_Top8_Detail0z3-169x300.jpg 169w, https:\/\/apartment-innsbruck.tirol\/wp-content\/uploads\/2022\/10\/Andreas-Hofer-Strasse_Top8_Detail0z3.jpg 768w\" sizes=\"(max-width: 576px) 100vw, 576px\" \/>\t\t\t\t\t\t\t\t\t\t\t\t\t\t\t<\/div>\n\t\t\t\t<\/div>\n\t\t\t\t<div class=\"elementor-element elementor-element-62a0e64 elementor-widget elementor-widget-image\" data-id=\"62a0e64\" data-element_type=\"widget\" data-e-type=\"widget\" data-widget_type=\"image.default\">\n\t\t\t\t<div class=\"elementor-widget-container\">\n\t\t\t\t\t\t\t\t\t\t\t\t\t\t\t<img loading=\"lazy\" decoding=\"async\" width=\"800\" height=\"450\" src=\"https:\/\/apartment-innsbruck.tirol\/wp-content\/uploads\/2022\/10\/Andreas-Hofer-Strasse_Top8_Schlafzimmer02-2-1024x576.jpg\" class=\"elementor-animation-grow attachment-large size-large wp-image-1129\" alt=\"\" srcset=\"https:\/\/apartment-innsbruck.tirol\/wp-content\/uploads\/2022\/10\/Andreas-Hofer-Strasse_Top8_Schlafzimmer02-2-1024x576.jpg 1024w, https:\/\/apartment-innsbruck.tirol\/wp-content\/uploads\/2022\/10\/Andreas-Hofer-Strasse_Top8_Schlafzimmer02-2-300x169.jpg 300w, https:\/\/apartment-innsbruck.tirol\/wp-content\/uploads\/2022\/10\/Andreas-Hofer-Strasse_Top8_Schlafzimmer02-2-768x432.jpg 768w, https:\/\/apartment-innsbruck.tirol\/wp-content\/uploads\/2022\/10\/Andreas-Hofer-Strasse_Top8_Schlafzimmer02-2.jpg 1366w\" sizes=\"(max-width: 800px) 100vw, 800px\" \/>\t\t\t\t\t\t\t\t\t\t\t\t\t\t\t<\/div>\n\t\t\t\t<\/div>\n\t\t\t\t\t<\/div>\n\t\t<\/div>\n\t\t\t\t<div class=\"elementor-column elementor-col-33 elementor-inner-column elementor-element elementor-element-6aaaa4f elementor-invisible\" data-id=\"6aaaa4f\" data-element_type=\"column\" data-e-type=\"column\" data-settings=\"{&quot;animation&quot;:&quot;fadeIn&quot;,&quot;animation_delay&quot;:500}\">\n\t\t\t<div class=\"elementor-widget-wrap elementor-element-populated\">\n\t\t\t\t\t\t<div class=\"elementor-element elementor-element-a1f0201 elementor-widget elementor-widget-image\" data-id=\"a1f0201\" data-element_type=\"widget\" data-e-type=\"widget\" data-widget_type=\"image.default\">\n\t\t\t\t<div class=\"elementor-widget-container\">\n\t\t\t\t\t\t\t\t\t\t\t\t\t\t\t<img loading=\"lazy\" decoding=\"async\" width=\"576\" height=\"1024\" src=\"https:\/\/apartment-innsbruck.tirol\/wp-content\/uploads\/2022\/10\/Andreas-Hofer-Strasse_Top8_Schlafzimmer04-576x1024.jpg\" class=\"elementor-animation-grow attachment-large size-large wp-image-268\" alt=\"\" srcset=\"https:\/\/apartment-innsbruck.tirol\/wp-content\/uploads\/2022\/10\/Andreas-Hofer-Strasse_Top8_Schlafzimmer04-576x1024.jpg 576w, https:\/\/apartment-innsbruck.tirol\/wp-content\/uploads\/2022\/10\/Andreas-Hofer-Strasse_Top8_Schlafzimmer04-169x300.jpg 169w, https:\/\/apartment-innsbruck.tirol\/wp-content\/uploads\/2022\/10\/Andreas-Hofer-Strasse_Top8_Schlafzimmer04.jpg 768w\" sizes=\"(max-width: 576px) 100vw, 576px\" \/>\t\t\t\t\t\t\t\t\t\t\t\t\t\t\t<\/div>\n\t\t\t\t<\/div>\n\t\t\t\t<div class=\"elementor-element elementor-element-2029fea elementor-widget elementor-widget-image\" data-id=\"2029fea\" data-element_type=\"widget\" data-e-type=\"widget\" data-widget_type=\"image.default\">\n\t\t\t\t<div class=\"elementor-widget-container\">\n\t\t\t\t\t\t\t\t\t\t\t\t\t\t\t<img loading=\"lazy\" decoding=\"async\" width=\"800\" height=\"450\" src=\"https:\/\/apartment-innsbruck.tirol\/wp-content\/uploads\/2022\/10\/Andreas-Hofer-Strasse_Top8_Schlafzimmer03-1024x576.jpg\" class=\"elementor-animation-grow attachment-large size-large wp-image-267\" alt=\"\" srcset=\"https:\/\/apartment-innsbruck.tirol\/wp-content\/uploads\/2022\/10\/Andreas-Hofer-Strasse_Top8_Schlafzimmer03-1024x576.jpg 1024w, https:\/\/apartment-innsbruck.tirol\/wp-content\/uploads\/2022\/10\/Andreas-Hofer-Strasse_Top8_Schlafzimmer03-300x169.jpg 300w, https:\/\/apartment-innsbruck.tirol\/wp-content\/uploads\/2022\/10\/Andreas-Hofer-Strasse_Top8_Schlafzimmer03-768x432.jpg 768w, https:\/\/apartment-innsbruck.tirol\/wp-content\/uploads\/2022\/10\/Andreas-Hofer-Strasse_Top8_Schlafzimmer03.jpg 1366w\" sizes=\"(max-width: 800px) 100vw, 800px\" \/>\t\t\t\t\t\t\t\t\t\t\t\t\t\t\t<\/div>\n\t\t\t\t<\/div>\n\t\t\t\t<div class=\"elementor-element elementor-element-4148a50 elementor-widget elementor-widget-image\" data-id=\"4148a50\" data-element_type=\"widget\" data-e-type=\"widget\" data-widget_type=\"image.default\">\n\t\t\t\t<div class=\"elementor-widget-container\">\n\t\t\t\t\t\t\t\t\t\t\t\t\t\t\t<img loading=\"lazy\" decoding=\"async\" width=\"800\" height=\"450\" src=\"https:\/\/apartment-innsbruck.tirol\/wp-content\/uploads\/2022\/10\/Andreas-Hofer-Strasse_Top8_Schlafzimmer-1-1024x576.jpg\" class=\"elementor-animation-grow attachment-large size-large wp-image-1127\" alt=\"\" srcset=\"https:\/\/apartment-innsbruck.tirol\/wp-content\/uploads\/2022\/10\/Andreas-Hofer-Strasse_Top8_Schlafzimmer-1-1024x576.jpg 1024w, https:\/\/apartment-innsbruck.tirol\/wp-content\/uploads\/2022\/10\/Andreas-Hofer-Strasse_Top8_Schlafzimmer-1-300x169.jpg 300w, https:\/\/apartment-innsbruck.tirol\/wp-content\/uploads\/2022\/10\/Andreas-Hofer-Strasse_Top8_Schlafzimmer-1-768x432.jpg 768w, https:\/\/apartment-innsbruck.tirol\/wp-content\/uploads\/2022\/10\/Andreas-Hofer-Strasse_Top8_Schlafzimmer-1.jpg 1366w\" sizes=\"(max-width: 800px) 100vw, 800px\" \/>\t\t\t\t\t\t\t\t\t\t\t\t\t\t\t<\/div>\n\t\t\t\t<\/div>\n\t\t\t\t<div class=\"elementor-element elementor-element-c580eec elementor-widget elementor-widget-image\" data-id=\"c580eec\" data-element_type=\"widget\" data-e-type=\"widget\" data-widget_type=\"image.default\">\n\t\t\t\t<div class=\"elementor-widget-container\">\n\t\t\t\t\t\t\t\t\t\t\t\t\t\t\t<img loading=\"lazy\" decoding=\"async\" width=\"800\" height=\"450\" src=\"https:\/\/apartment-innsbruck.tirol\/wp-content\/uploads\/2022\/10\/Andreas-Hofer-Strasse_Top8_Detail-1-1024x576.jpg\" class=\"elementor-animation-grow attachment-large size-large wp-image-1120\" alt=\"\" srcset=\"https:\/\/apartment-innsbruck.tirol\/wp-content\/uploads\/2022\/10\/Andreas-Hofer-Strasse_Top8_Detail-1-1024x576.jpg 1024w, https:\/\/apartment-innsbruck.tirol\/wp-content\/uploads\/2022\/10\/Andreas-Hofer-Strasse_Top8_Detail-1-300x169.jpg 300w, https:\/\/apartment-innsbruck.tirol\/wp-content\/uploads\/2022\/10\/Andreas-Hofer-Strasse_Top8_Detail-1-768x432.jpg 768w, https:\/\/apartment-innsbruck.tirol\/wp-content\/uploads\/2022\/10\/Andreas-Hofer-Strasse_Top8_Detail-1.jpg 1366w\" sizes=\"(max-width: 800px) 100vw, 800px\" \/>\t\t\t\t\t\t\t\t\t\t\t\t\t\t\t<\/div>\n\t\t\t\t<\/div>\n\t\t\t\t\t<\/div>\n\t\t<\/div>\n\t\t\t\t<div class=\"elementor-column elementor-col-33 elementor-inner-column elementor-element elementor-element-f618430 elementor-invisible\" data-id=\"f618430\" data-element_type=\"column\" data-e-type=\"column\" data-settings=\"{&quot;animation&quot;:&quot;fadeIn&quot;,&quot;animation_delay&quot;:600}\">\n\t\t\t<div class=\"elementor-widget-wrap elementor-element-populated\">\n\t\t\t\t\t\t<div class=\"elementor-element elementor-element-32f13f4 elementor-widget elementor-widget-image\" data-id=\"32f13f4\" data-element_type=\"widget\" data-e-type=\"widget\" data-widget_type=\"image.default\">\n\t\t\t\t<div class=\"elementor-widget-container\">\n\t\t\t\t\t\t\t\t\t\t\t\t\t\t\t\t<a href=\"https:\/\/apartment-innsbruck.tirol\/wp-content\/uploads\/2022\/10\/Andreas-Hofer-Strasse_Top3_Balkon.jpg\" data-elementor-open-lightbox=\"yes\" data-e-action-hash=\"#elementor-action%3Aaction%3Dlightbox%26settings%3DeyJpZCI6MTEwNiwidXJsIjoiaHR0cHM6XC9cL2FwYXJ0bWVudC1pbm5zYnJ1Y2sudGlyb2xcL3dwLWNvbnRlbnRcL3VwbG9hZHNcLzIwMjJcLzEwXC9BbmRyZWFzLUhvZmVyLVN0cmFzc2VfVG9wM19CYWxrb24uanBnIn0%3D\">\n\t\t\t\t\t\t\t<img loading=\"lazy\" decoding=\"async\" width=\"800\" height=\"450\" src=\"https:\/\/apartment-innsbruck.tirol\/wp-content\/uploads\/2022\/10\/Andreas-Hofer-Strasse_Top3_Balkon-1024x576.jpg\" class=\"elementor-animation-grow attachment-large size-large wp-image-1106\" alt=\"\" srcset=\"https:\/\/apartment-innsbruck.tirol\/wp-content\/uploads\/2022\/10\/Andreas-Hofer-Strasse_Top3_Balkon-1024x576.jpg 1024w, https:\/\/apartment-innsbruck.tirol\/wp-content\/uploads\/2022\/10\/Andreas-Hofer-Strasse_Top3_Balkon-300x169.jpg 300w, https:\/\/apartment-innsbruck.tirol\/wp-content\/uploads\/2022\/10\/Andreas-Hofer-Strasse_Top3_Balkon-768x432.jpg 768w, https:\/\/apartment-innsbruck.tirol\/wp-content\/uploads\/2022\/10\/Andreas-Hofer-Strasse_Top3_Balkon.jpg 1366w\" sizes=\"(max-width: 800px) 100vw, 800px\" \/>\t\t\t\t\t\t\t\t<\/a>\n\t\t\t\t\t\t\t\t\t\t\t\t\t\t\t<\/div>\n\t\t\t\t<\/div>\n\t\t\t\t<div class=\"elementor-element elementor-element-70dcf9b elementor-widget elementor-widget-image\" data-id=\"70dcf9b\" data-element_type=\"widget\" data-e-type=\"widget\" data-widget_type=\"image.default\">\n\t\t\t\t<div class=\"elementor-widget-container\">\n\t\t\t\t\t\t\t\t\t\t\t\t\t\t\t<img loading=\"lazy\" decoding=\"async\" width=\"800\" height=\"450\" src=\"https:\/\/apartment-innsbruck.tirol\/wp-content\/uploads\/2022\/10\/Andreas-Hofer-Strasse_Top8_Badezimmer-1-1024x576.jpg\" class=\"elementor-animation-grow attachment-large size-large wp-image-1119\" alt=\"\" srcset=\"https:\/\/apartment-innsbruck.tirol\/wp-content\/uploads\/2022\/10\/Andreas-Hofer-Strasse_Top8_Badezimmer-1-1024x576.jpg 1024w, https:\/\/apartment-innsbruck.tirol\/wp-content\/uploads\/2022\/10\/Andreas-Hofer-Strasse_Top8_Badezimmer-1-300x169.jpg 300w, https:\/\/apartment-innsbruck.tirol\/wp-content\/uploads\/2022\/10\/Andreas-Hofer-Strasse_Top8_Badezimmer-1-768x432.jpg 768w, https:\/\/apartment-innsbruck.tirol\/wp-content\/uploads\/2022\/10\/Andreas-Hofer-Strasse_Top8_Badezimmer-1.jpg 1366w\" sizes=\"(max-width: 800px) 100vw, 800px\" \/>\t\t\t\t\t\t\t\t\t\t\t\t\t\t\t<\/div>\n\t\t\t\t<\/div>\n\t\t\t\t<div class=\"elementor-element elementor-element-569bc93 elementor-widget elementor-widget-image\" data-id=\"569bc93\" data-element_type=\"widget\" data-e-type=\"widget\" data-widget_type=\"image.default\">\n\t\t\t\t<div class=\"elementor-widget-container\">\n\t\t\t\t\t\t\t\t\t\t\t\t\t\t\t<img loading=\"lazy\" decoding=\"async\" width=\"800\" height=\"450\" src=\"https:\/\/apartment-innsbruck.tirol\/wp-content\/uploads\/2022\/10\/Andreas-Hofer-Strasse_Top8_Detail03-1024x576.jpg\" class=\"elementor-animation-grow attachment-large size-large wp-image-1123\" alt=\"\" srcset=\"https:\/\/apartment-innsbruck.tirol\/wp-content\/uploads\/2022\/10\/Andreas-Hofer-Strasse_Top8_Detail03-1024x576.jpg 1024w, https:\/\/apartment-innsbruck.tirol\/wp-content\/uploads\/2022\/10\/Andreas-Hofer-Strasse_Top8_Detail03-300x169.jpg 300w, https:\/\/apartment-innsbruck.tirol\/wp-content\/uploads\/2022\/10\/Andreas-Hofer-Strasse_Top8_Detail03-768x432.jpg 768w, https:\/\/apartment-innsbruck.tirol\/wp-content\/uploads\/2022\/10\/Andreas-Hofer-Strasse_Top8_Detail03.jpg 1366w\" sizes=\"(max-width: 800px) 100vw, 800px\" \/>\t\t\t\t\t\t\t\t\t\t\t\t\t\t\t<\/div>\n\t\t\t\t<\/div>\n\t\t\t\t<div class=\"elementor-element elementor-element-961bb7e elementor-widget elementor-widget-image\" data-id=\"961bb7e\" data-element_type=\"widget\" data-e-type=\"widget\" data-widget_type=\"image.default\">\n\t\t\t\t<div class=\"elementor-widget-container\">\n\t\t\t\t\t\t\t\t\t\t\t\t\t\t\t<img loading=\"lazy\" decoding=\"async\" width=\"576\" height=\"1024\" src=\"https:\/\/apartment-innsbruck.tirol\/wp-content\/uploads\/2022\/10\/Andreas-Hofer-Strasse_Top8_Detail01_hoch-576x1024.jpg\" class=\"elementor-animation-grow attachment-large size-large wp-image-355\" alt=\"\" srcset=\"https:\/\/apartment-innsbruck.tirol\/wp-content\/uploads\/2022\/10\/Andreas-Hofer-Strasse_Top8_Detail01_hoch-576x1024.jpg 576w, https:\/\/apartment-innsbruck.tirol\/wp-content\/uploads\/2022\/10\/Andreas-Hofer-Strasse_Top8_Detail01_hoch-169x300.jpg 169w, https:\/\/apartment-innsbruck.tirol\/wp-content\/uploads\/2022\/10\/Andreas-Hofer-Strasse_Top8_Detail01_hoch.jpg 768w\" sizes=\"(max-width: 576px) 100vw, 576px\" \/>\t\t\t\t\t\t\t\t\t\t\t\t\t\t\t<\/div>\n\t\t\t\t<\/div>\n\t\t\t\t\t<\/div>\n\t\t<\/div>\n\t\t\t\t\t<\/div>\n\t\t<\/section>\n\t\t\t\t\t<\/div>\n\t\t<\/div>\n\t\t\t\t\t<\/div>\n\t\t<\/section>\n\t\t\t\t<\/div>\n\t\t","protected":false},"excerpt":{"rendered":"<p>Apartment Hofer 2 Apartments 1 Stadt Apartment Hofer Klein aber fein. Umgeben von den Tiroler Alpen, in der Stadt Innsbruck befindet sich unser Apartment Hofer.\u00a0 Der Charme des Jahrhundertwendehauses ging durch die Renovierung nicht verloren. Es wurden ausschlie\u00dflich exklusive Materialien verwendet, um ein wohnliches Ambiente zu schaffen. Genie\u00dfen Sie Ihren Aufenthalt in Innsbruck ganz privat, [&hellip;]<\/p>\n","protected":false},"author":1,"featured_media":0,"parent":15,"menu_order":0,"comment_status":"closed","ping_status":"closed","template":"","meta":{"iawp_total_views":41,"footnotes":""},"class_list":["post-292","page","type-page","status-publish","hentry"],"_links":{"self":[{"href":"https:\/\/apartment-innsbruck.tirol\/en\/wp-json\/wp\/v2\/pages\/292","targetHints":{"allow":["GET"]}}],"collection":[{"href":"https:\/\/apartment-innsbruck.tirol\/en\/wp-json\/wp\/v2\/pages"}],"about":[{"href":"https:\/\/apartment-innsbruck.tirol\/en\/wp-json\/wp\/v2\/types\/page"}],"author":[{"embeddable":true,"href":"https:\/\/apartment-innsbruck.tirol\/en\/wp-json\/wp\/v2\/users\/1"}],"replies":[{"embeddable":true,"href":"https:\/\/apartment-innsbruck.tirol\/en\/wp-json\/wp\/v2\/comments?post=292"}],"version-history":[{"count":62,"href":"https:\/\/apartment-innsbruck.tirol\/en\/wp-json\/wp\/v2\/pages\/292\/revisions"}],"predecessor-version":[{"id":1351,"href":"https:\/\/apartment-innsbruck.tirol\/en\/wp-json\/wp\/v2\/pages\/292\/revisions\/1351"}],"up":[{"embeddable":true,"href":"https:\/\/apartment-innsbruck.tirol\/en\/wp-json\/wp\/v2\/pages\/15"}],"wp:attachment":[{"href":"https:\/\/apartment-innsbruck.tirol\/en\/wp-json\/wp\/v2\/media?parent=292"}],"curies":[{"name":"wp","href":"https:\/\/api.w.org\/{rel}","templated":true}]}}